{"id":160,"date":"2018-05-08T16:03:50","date_gmt":"2018-05-08T16:03:50","guid":{"rendered":"http:\/\/apvstcierges.ch\/?page_id=160"},"modified":"2024-09-20T11:56:54","modified_gmt":"2024-09-20T11:56:54","slug":"ete","status":"publish","type":"page","link":"http:\/\/apvstcierges.ch\/index.php\/ete\/","title":{"rendered":"Et\u00e9"},"content":{"rendered":"<h4><span style=\"color: #99cc00;\">Entr\u00e9es &#8211; salades &#8211; accompagnements<\/span><\/h4>\n<p><a href=\"http:\/\/apvstcierges.ch\/wp-content\/uploads\/2018\/07\/Cr\u00e8me-de-courgettes-\u00e0-la-menthe-tapenade-dolives-noires.docx\" target=\"_blank\" rel=\"noopener noreferrer\">Cr\u00e8me de courgettes \u00e0 la menthe, tapenade d&rsquo;olives noires<\/a><br \/>\n<a href=\"http:\/\/apvstcierges.ch\/wp-content\/uploads\/2018\/07\/Croutes-aux-courgettes.pdf\" target=\"_blank\" rel=\"noopener noreferrer\">Cro\u00fbtes aux courgettes<\/a><br \/>\n<a href=\"http:\/\/apvstcierges.ch\/wp-content\/uploads\/2018\/07\/courgette-en-fleur-ricotta-et-tomate-compot\u00e9e.docx\" target=\"_blank\" rel=\"noopener noreferrer\">Courgette en fleur, ricotta et tomate compot\u00e9e<\/a><br \/>\n<a href=\"http:\/\/apvstcierges.ch\/wp-content\/uploads\/2018\/08\/Fruite-sale-en-verrine.pdf\" target=\"_blank\" rel=\"noopener noreferrer\">Fruit\u00e9 sal\u00e9 en verrine<\/a><br \/>\n<a href=\"http:\/\/apvstcierges.ch\/wp-content\/uploads\/2018\/08\/Chou-fleur-farci.pdf\" target=\"_blank\" rel=\"noopener noreferrer\">Chou-fleur-farci<\/a><br \/>\n<a href=\"http:\/\/apvstcierges.ch\/wp-content\/uploads\/2018\/08\/Couscous-au-chou-fleur.pdf\" target=\"_blank\" rel=\"noopener noreferrer\">Couscous au chou-fleur<\/a><br \/>\n<a href=\"http:\/\/apvstcierges.ch\/wp-content\/uploads\/2018\/08\/Rosettes-de-chou-fleur-au-four.pdf\" target=\"_blank\" rel=\"noopener noreferrer\">Rosettes de chou-fleur au four<\/a><br \/>\n<a href=\"http:\/\/apvstcierges.ch\/wp-content\/uploads\/2019\/06\/Dip-aux-artichauts-et-piment-jalapeno.pdf\" target=\"_blank\" rel=\"noopener noreferrer\">Dip aux artichauts et piment jalapeno<\/a><br \/>\n<a href=\"http:\/\/apvstcierges.ch\/wp-content\/uploads\/2019\/06\/Frites-de-carottes-\u00e0-la-coco-et-dip-miel-citron-vert.pdf\" target=\"_blank\" rel=\"noopener noreferrer\">Frites de carottes \u00e0 la coco et dip miel-citron vert<\/a><br \/>\n<a href=\"http:\/\/apvstcierges.ch\/wp-content\/uploads\/2019\/06\/Caviar-d\u2019aubergine-tomat\u00e9.pdf\" target=\"_blank\" rel=\"noopener noreferrer\">Caviar d\u2019aubergine tomat\u00e9<\/a><br \/>\n<a href=\"http:\/\/apvstcierges.ch\/wp-content\/uploads\/2019\/06\/concombre-et-duo-de-dips.pdf\" target=\"_blank\" rel=\"noopener noreferrer\">Concombre et duo de dips<\/a><br \/>\n<a href=\"http:\/\/apvstcierges.ch\/wp-content\/uploads\/2019\/06\/Tartinade-aux-carottes-et-aux-noix-de-cajou.pdf\" target=\"_blank\" rel=\"noopener noreferrer\">Tartinade aux carottes et aux noix de cajou<\/a><br \/>\n<a href=\"http:\/\/apvstcierges.ch\/wp-content\/uploads\/2019\/07\/salade-concombre-melon-m\u00fbres-et-poulet.pdf\" target=\"_blank\" rel=\"noopener noreferrer\">Salade concombre, melon, m\u00fbres et poulet<\/a><br \/>\n<a href=\"http:\/\/apvstcierges.ch\/wp-content\/uploads\/2019\/07\/En-cas-pour-le-1er-ao\u00fbt.pdf\" target=\"_blank\" rel=\"noopener noreferrer\">En-cas pour le 1er ao\u00fbt<\/a><br \/>\n<a href=\"http:\/\/apvstcierges.ch\/wp-content\/uploads\/2019\/07\/Rosaces-de-betterave-au-ch\u00e8vre-et-shortbread-au-carvi.pdf\" target=\"_blank\" rel=\"noopener noreferrer\">Rosaces de betterave au ch\u00e8vre et shortbread au carvi<\/a><br \/>\n<a href=\"http:\/\/apvstcierges.ch\/wp-content\/uploads\/2019\/07\/Tarte-sal\u00e9e-du-1er-Ao\u00fbt.pdf\" target=\"_blank\" rel=\"noopener noreferrer\">Tarte sal\u00e9e du 1er Ao\u00fbt<\/a><br \/>\n<a href=\"http:\/\/apvstcierges.ch\/wp-content\/uploads\/2019\/08\/Bavarois-de-tomates.pdf\" target=\"_blank\" rel=\"noopener noreferrer\">Bavarois de tomates<\/a><br \/>\n<a href=\"http:\/\/apvstcierges.ch\/wp-content\/uploads\/2019\/08\/Terrine-froide-de-viande-et-de-l\u00e9gumes.pdf\" target=\"_blank\" rel=\"noopener noreferrer\">Terrine froide de viande et de l\u00e9gumes<\/a><br \/>\n<a href=\"http:\/\/apvstcierges.ch\/wp-content\/uploads\/2019\/08\/Brioche-au-jambon0001.pdf\" target=\"_blank\" rel=\"noopener noreferrer\">Brioche au jambon<\/a><br \/>\n<a href=\"http:\/\/apvstcierges.ch\/wp-content\/uploads\/2019\/08\/Roulade-aux-pousses.pdf\" target=\"_blank\" rel=\"noopener noreferrer\">Roulade aux pousses<\/a><br \/>\n<a href=\"http:\/\/apvstcierges.ch\/wp-content\/uploads\/2019\/08\/Roulade-sal\u00e9e-au-jus-de-pomme.pdf\" target=\"_blank\" rel=\"noopener noreferrer\">Roulade sal\u00e9e au jus de pomme<\/a><br \/>\n<a href=\"http:\/\/apvstcierges.ch\/wp-content\/uploads\/2020\/07\/sandwich-pop-corn.pdf\" target=\"_blank\" rel=\"noopener noreferrer\">sandwich pop corn<\/a><br \/>\n<a href=\"http:\/\/apvstcierges.ch\/wp-content\/uploads\/2020\/07\/Rouleaux-d\u00e9t\u00e9.pdf\" target=\"_blank\" rel=\"noopener noreferrer\">Rouleaux d&rsquo;\u00e9t\u00e9<\/a><br \/>\n<a href=\"http:\/\/apvstcierges.ch\/wp-content\/uploads\/2020\/07\/wrap-tomates-et-fromage-frais.pdf\" target=\"_blank\" rel=\"noopener noreferrer\">Wrap tomates et fromage frais<\/a><br \/>\n<a href=\"http:\/\/apvstcierges.ch\/wp-content\/uploads\/2020\/07\/soupe-de-concombre-froide-\u00e0-la-menthe.pdf\" target=\"_blank\" rel=\"noopener noreferrer\">Soupe de concombre froide \u00e0 la menthe<\/a><br \/>\n<a href=\"http:\/\/apvstcierges.ch\/wp-content\/uploads\/2020\/09\/Rouleaux-de-radis.pdf\" target=\"_blank\" rel=\"noopener noreferrer\">Rouleaux de radis<\/a><br \/>\n<a href=\"http:\/\/apvstcierges.ch\/wp-content\/uploads\/2020\/09\/Cigares-au-poisson.pdf\" target=\"_blank\" rel=\"noopener noreferrer\">Cigares au poisson<\/a><br \/>\n<a href=\"http:\/\/apvstcierges.ch\/wp-content\/uploads\/2020\/09\/Champignons-pan\u00e9s-et-dip.pdf\" target=\"_blank\" rel=\"noopener noreferrer\">Champignons pan\u00e9s et dip<\/a><br \/>\n<a href=\"http:\/\/apvstcierges.ch\/wp-content\/uploads\/2020\/09\/Noix-ap\u00e9ritives.pdf\" target=\"_blank\" rel=\"noopener noreferrer\">Noix ap\u00e9ritives<\/a><br \/>\n<a href=\"http:\/\/apvstcierges.ch\/wp-content\/uploads\/2020\/09\/Cubes-aux-fines-herbes-sur-pain-grill\u00e9.pdf\" target=\"_blank\" rel=\"noopener noreferrer\">Cubes aux fines herbes sur pain grill\u00e9<\/a><br \/>\n<a href=\"http:\/\/apvstcierges.ch\/wp-content\/uploads\/2020\/10\/champignons-citron-vert-et-piment.pdf\" target=\"_blank\" rel=\"noopener noreferrer\">Champignons citron vert et piment<\/a><br \/>\n<a href=\"http:\/\/apvstcierges.ch\/wp-content\/uploads\/2021\/06\/Rouleaux-au-radis-blanc-1.pdf\" target=\"_blank\" rel=\"noopener\">Rouleaux au radis blanc<\/a><br \/>\n<a href=\"http:\/\/apvstcierges.ch\/wp-content\/uploads\/2021\/06\/Steaks-et-pickles-de-radis-1.pdf\" target=\"_blank\" rel=\"noopener\">Steaks et pickles de radis<\/a><br \/>\n<a href=\"http:\/\/apvstcierges.ch\/wp-content\/uploads\/2021\/06\/Salade-de-radis-long-et-de-radis-roses-avec-pomme-1.pdf\" target=\"_blank\" rel=\"noopener\">Salade de radis long et de radis roses avec pomme<\/a><br \/>\n<a href=\"http:\/\/apvstcierges.ch\/wp-content\/uploads\/2021\/06\/Petits-radis-au-four.pdf\" target=\"_blank\" rel=\"noopener\">Petits radis au four<\/a><br \/>\n<a href=\"http:\/\/apvstcierges.ch\/wp-content\/uploads\/2022\/08\/Galettes-de-lentilles-et-sauce-aux-herbes.pdf\" target=\"_blank\" rel=\"noopener\">Galettes de lentilles et sauce aux herbes<\/a><br \/>\n<a href=\"http:\/\/apvstcierges.ch\/wp-content\/uploads\/2022\/08\/Croquettes-de-legumes-et-sauce-miso-aux-oeufs.pdf\" target=\"_blank\" rel=\"noopener\">Croquettes de l\u00e9gumes et sauce miso aux \u0153ufs<\/a><br \/>\n<a href=\"http:\/\/apvstcierges.ch\/wp-content\/uploads\/2022\/08\/Boulettes-de-pois-chiches-et-de-pignons.pdf\" target=\"_blank\" rel=\"noopener\">Boulettes de pois chiches et de pignons<\/a><br \/>\n<a style=\"font-size: inherit;\" href=\"http:\/\/apvstcierges.ch\/wp-content\/uploads\/2023\/06\/Galettes-de-pain.pdf\" target=\"_blank\" rel=\"noopener\">Galettes de pain<\/a><br \/>\n<a style=\"font-size: inherit;\" href=\"http:\/\/apvstcierges.ch\/wp-content\/uploads\/2023\/06\/Pain-galette-au-romarin-et-houmous-muhammara.pdf\" target=\"_blank\" rel=\"noopener\">Pain galette au romarin et houmous muhammara<\/a><span style=\"font-size: inherit;\"><br \/>\n<\/span><a style=\"font-size: inherit;\" href=\"http:\/\/apvstcierges.ch\/wp-content\/uploads\/2023\/06\/Pain-pita.pdf\">Pain pita<\/a><br \/>\n<a style=\"font-size: inherit;\" href=\"http:\/\/apvstcierges.ch\/wp-content\/uploads\/2023\/06\/Pitas-farcies.pdf\" target=\"_blank\" rel=\"noopener\">Pitas farcies<\/a><br \/>\n<a style=\"font-size: inherit;\" href=\"http:\/\/apvstcierges.ch\/wp-content\/uploads\/2023\/06\/Piadina.pdf\">Piadina<\/a><a style=\"font-size: inherit;\" href=\"http:\/\/apvstcierges.ch\/wp-content\/uploads\/2023\/06\/Piadine-al-prosciutto.pdf\" target=\"_blank\" rel=\"noopener\"> al prosciutto<\/a><br \/>\n<a style=\"font-size: inherit;\" href=\"http:\/\/apvstcierges.ch\/wp-content\/uploads\/2023\/06\/Tortillas.pdf\" target=\"_blank\" rel=\"noopener\">Tortillas<\/a><\/p>\n<p><a href=\"http:\/\/apvstcierges.ch\/wp-content\/uploads\/2024\/08\/Rouleaux-dete.pdf\" target=\"_blank\" rel=\"noopener\">Rouleaux d&rsquo;\u00e9t\u00e9<\/a><br \/>\n<a href=\"http:\/\/apvstcierges.ch\/wp-content\/uploads\/2024\/08\/Salade-tomates-pasteque.pdf\" target=\"_blank\" rel=\"noopener\">Salade tomates &#8211; past\u00e8que<\/a><br \/>\n<a href=\"http:\/\/apvstcierges.ch\/wp-content\/uploads\/2024\/08\/Soupe-de-concombre-froide-a-la-menthe.pdf\" target=\"_blank\" rel=\"noopener\">Soupe de concombre froide \u00e0 la menthe<\/a><br \/>\n<a href=\"http:\/\/apvstcierges.ch\/wp-content\/uploads\/2024\/08\/Pizza-pasteque.pdf\" target=\"_blank\" rel=\"noopener\">Pizza past\u00e8que<\/a><br \/>\n<a href=\"http:\/\/apvstcierges.ch\/wp-content\/uploads\/2024\/08\/Salade-de-concombre-melon-et-mures-au-poulet.pdf\" target=\"_blank\" rel=\"noopener\">Salade de concombre, melon et m\u00fbres au poulet<\/a><\/p>\n<h4><span style=\"color: #99cc00;\">Plat principal<\/span><\/h4>\n<p><a href=\"http:\/\/apvstcierges.ch\/wp-content\/uploads\/2018\/06\/boeuf-\u00e0-la-sauce-cerise.pdf\" target=\"_blank\" rel=\"noopener noreferrer\">Boeuf \u00e0 la sauce cerise<\/a><br \/>\n<a href=\"http:\/\/apvstcierges.ch\/wp-content\/uploads\/2018\/08\/Satay.pdf\" target=\"_blank\" rel=\"noopener noreferrer\">Brochette d&rsquo;agneau Satay<\/a><br \/>\n<a href=\"http:\/\/apvstcierges.ch\/wp-content\/uploads\/2018\/08\/lasagnes-chou-fleur-tomates.pdf\" target=\"_blank\" rel=\"noopener noreferrer\">Lasagnes chou-fleur tomates<\/a><br \/>\n<a href=\"http:\/\/apvstcierges.ch\/wp-content\/uploads\/2019\/07\/Magret-de-canard-sauce-scotch-et-m\u00fbres.pdf\" target=\"_blank\" rel=\"noopener noreferrer\">Magret de canard, sauce scotch et m\u00fbres<\/a><br \/>\n<a href=\"http:\/\/apvstcierges.ch\/wp-content\/uploads\/2020\/08\/B\u0153uf-caram\u00e9lis\u00e9.pdf\" target=\"_blank\" rel=\"noopener noreferrer\">B\u0153uf caram\u00e9lis\u00e9<\/a><br \/>\n<a href=\"http:\/\/apvstcierges.ch\/wp-content\/uploads\/2020\/08\/Cro\u00fbtes-au-fromage-de-ch\u00e8vre-avec-caramel-\u00e0-lorange.pdf\" target=\"_blank\" rel=\"noopener noreferrer\">Cro\u00fbtes au fromage de ch\u00e8vre avec caramel \u00e0 l&rsquo;orange<\/a><br \/>\n<a style=\"font-size: inherit;\" href=\"http:\/\/apvstcierges.ch\/wp-content\/uploads\/2020\/08\/Tarte-tatin-au-saucisson.pdf\" target=\"_blank\" rel=\"noopener noreferrer\">Tarte tatin au saucisson<\/a><br \/>\n<a href=\"http:\/\/apvstcierges.ch\/wp-content\/uploads\/2022\/08\/Linguine-aux-boulettes-carottes-et-noix.pdf\" target=\"_blank\" rel=\"noopener\">Linguine aux boulettes carottes et noix<\/a><br \/>\n<a style=\"font-size: inherit;\" href=\"http:\/\/apvstcierges.ch\/wp-content\/uploads\/2023\/06\/fajitas-a-la-viande-hachee-et-aux-haricots.pdf\" target=\"_blank\" rel=\"noopener\">Fajitas \u00e0 la viande h\u00e2ch\u00e9e et aux haricots<\/a><br \/>\n<a href=\"http:\/\/apvstcierges.ch\/wp-content\/uploads\/2023\/08\/Samoussas-aux-legumes-Inde.pdf\" target=\"_blank\" rel=\"noopener\">Samoussas aux l\u00e9gumes &#8211; Inde<\/a><br \/>\n<a href=\"http:\/\/apvstcierges.ch\/wp-content\/uploads\/2023\/08\/Pierogis-aux-champignons-et-sere-Pologne.pdf\" target=\"_blank\" rel=\"noopener\">Pierogis aux champignons et s\u00e9r\u00e9 &#8211; Pologne<\/a><br \/>\n<a href=\"http:\/\/apvstcierges.ch\/wp-content\/uploads\/2023\/08\/Raviolis-a-la-queue-de-boeuf.pdf\" target=\"_blank\" rel=\"noopener\">Raviolis \u00e0 la queue de b\u0153uf<\/a><br \/>\n<a href=\"http:\/\/apvstcierges.ch\/wp-content\/uploads\/2023\/08\/Ravioles-souabes-Maultaschen-Allemagne.pdf\" target=\"_blank\" rel=\"noopener\">Ravioles souabes (Maultaschen) &#8211; Allemagne<\/a><br \/>\n<a href=\"http:\/\/apvstcierges.ch\/wp-content\/uploads\/2023\/08\/Gyozas-aux-champignons-Japon.pdf\" target=\"_blank\" rel=\"noopener\">Gyozas aux champignons &#8211; Japon<\/a><br \/>\n<a href=\"http:\/\/apvstcierges.ch\/wp-content\/uploads\/2023\/08\/Fatayer-aux-epinards-Moyen-Orient.pdf\" target=\"_blank\" rel=\"noopener\">Fatayer aux \u00e9pinards &#8211; Moyen-Orient<\/a><br \/>\n<a href=\"http:\/\/apvstcierges.ch\/wp-content\/uploads\/2023\/08\/Momos-nepalais.pdf\" target=\"_blank\" rel=\"noopener\">Momos n\u00e9palais<\/a><br \/>\n<a href=\"http:\/\/apvstcierges.ch\/wp-content\/uploads\/2024\/06\/Involtini-aux-groseilles-rouges.pdf\" target=\"_blank\" rel=\"noopener\">Involtini aux groseilles rouges<\/a><br \/>\n<a href=\"http:\/\/apvstcierges.ch\/wp-content\/uploads\/2024\/06\/Ceviche-de-sandre.pdf\" target=\"_blank\" rel=\"noopener\">Ceviche de sandre aux framboises<\/a><br \/>\n<a href=\"http:\/\/apvstcierges.ch\/wp-content\/uploads\/2024\/06\/swissmilk_emince-aux-groseilles-a-maquereau.pdf\" target=\"_blank\" rel=\"noopener\">Eminc\u00e9 aux groseilles \u00e0 maquereau<\/a><br \/>\n<a href=\"http:\/\/apvstcierges.ch\/wp-content\/uploads\/2024\/06\/swissmilk_pizza-ricotta-epinards-et-mures.pdf\" target=\"_blank\" rel=\"noopener\">Pizza ricotta-\u00e9pinards et m\u00fbres<\/a><br \/>\n<a href=\"http:\/\/apvstcierges.ch\/wp-content\/uploads\/2024\/06\/Filet-de-porc-en-marinade-douce-piquante-aux-framboises.pdf\" target=\"_blank\" rel=\"noopener\">Filet de porc en marinade douce-piquante aux framboises<\/a><br \/>\n<a href=\"http:\/\/apvstcierges.ch\/wp-content\/uploads\/2024\/06\/Tomates-coeur-de-boeur-aux-fraises.pdf\" target=\"_blank\" rel=\"noopener\">Tomates coeur de boeuf aux fraises<\/a><\/p>\n<h4><span style=\"color: #99cc00;\">Desserts<\/span><\/h4>\n<p><a href=\"http:\/\/apvstcierges.ch\/wp-content\/uploads\/2018\/06\/parfait-cerise-romarin.pdf\" target=\"_blank\" rel=\"noopener noreferrer\">Parfait cerise romarin<\/a><br \/>\n<a href=\"http:\/\/apvstcierges.ch\/wp-content\/uploads\/2018\/06\/po\u00eal\u00e9e-de-cerises-caram\u00e9lis\u00e9es-au-pain-d\u00e9pices.pdf\" target=\"_blank\" rel=\"noopener noreferrer\">Po\u00eal\u00e9e de cerises caram\u00e9lis\u00e9es au pain d&rsquo;\u00e9pices<\/a><br \/>\n<a href=\"http:\/\/apvstcierges.ch\/wp-content\/uploads\/2018\/06\/panna-cotta-et-cerises-au-vinaigre-balsamique.pdf\" target=\"_blank\" rel=\"noopener noreferrer\">Pannacotta et cerises au vinaigre balsamique<\/a><br \/>\n<a href=\"http:\/\/apvstcierges.ch\/wp-content\/uploads\/2018\/07\/Timbales-sucr\u00e9es-aux-courgettes.pdf\" target=\"_blank\" rel=\"noopener noreferrer\">Timbales sucr\u00e9es aux courgettes<\/a><br \/>\n<a href=\"http:\/\/apvstcierges.ch\/wp-content\/uploads\/2018\/08\/Nage-dabircots-\u00e0-la-verveine.docx\" target=\"_blank\" rel=\"noopener noreferrer\">Nage d&rsquo;abricots \u00e0 la verveine<\/a><br \/>\n<a href=\"http:\/\/apvstcierges.ch\/wp-content\/uploads\/2018\/08\/flan-aux-abricots.docx\" target=\"_blank\" rel=\"noopener noreferrer\">Flan aux abricots<\/a><br \/>\n<a href=\"http:\/\/apvstcierges.ch\/wp-content\/uploads\/2019\/05\/Biscuit-roule-choco-fraise.pdf\" target=\"_blank\" rel=\"noopener noreferrer\">Biscuit roul\u00e9 choco-fraise<\/a><br \/>\n<a href=\"http:\/\/apvstcierges.ch\/wp-content\/uploads\/2019\/05\/Cr\u00e8me-au-chocolat-aux-fraises.pdf\" target=\"_blank\" rel=\"noopener noreferrer\">Cr\u00e8me au chocolat aux fraises<\/a><br \/>\n<a href=\"http:\/\/apvstcierges.ch\/wp-content\/uploads\/2019\/05\/glace-\u00e0-la-fraise-et-avoine-en-chocolat.pdf\" target=\"_blank\" rel=\"noopener noreferrer\">Glace \u00e0 la fraise et avoine en chocolat<\/a> <a href=\"http:\/\/apvstcierges.ch\/wp-content\/uploads\/2019\/05\/fraise.html\">fraise<\/a><br \/>\n<a href=\"http:\/\/apvstcierges.ch\/wp-content\/uploads\/2019\/05\/muffins-fraises-chocolat-blanc.pdf\" target=\"_blank\" rel=\"noopener noreferrer\">Muffins fraises-chocolat blanc<\/a><br \/>\n<a href=\"http:\/\/apvstcierges.ch\/wp-content\/uploads\/2019\/05\/Tiramis\u00f9-aux-fraises-et-au-chocolat.pdf\" target=\"_blank\" rel=\"noopener noreferrer\">Tiramis\u00f9 aux fraises et au chocolat<\/a><br \/>\n<a href=\"http:\/\/apvstcierges.ch\/wp-content\/uploads\/2019\/05\/Tourte-mousse-choco-fraises.pdf\" target=\"_blank\" rel=\"noopener noreferrer\">Tourte mousse choco-fraises<\/a><br \/>\n<a href=\"http:\/\/apvstcierges.ch\/wp-content\/uploads\/2019\/07\/Terrine-de-cr\u00e8me-acidul\u00e9e-aux-m\u00fbres.pdf\" target=\"_blank\" rel=\"noopener noreferrer\">Terrine de cr\u00e8me acidul\u00e9e aux m\u00fbres<\/a><br \/>\n<a href=\"http:\/\/apvstcierges.ch\/wp-content\/uploads\/2019\/07\/Moelleux-choco-mures.pdf\" target=\"_blank\" rel=\"noopener noreferrer\">Moelleux choco-mures<\/a><br \/>\n<a href=\"http:\/\/apvstcierges.ch\/wp-content\/uploads\/2019\/07\/Tuiles-\u00e0-la-mousse-de-m\u00fbres.pdf\" target=\"_blank\" rel=\"noopener noreferrer\">Tuiles \u00e0 la mousse de m\u00fbres<\/a><br \/>\n<a href=\"http:\/\/apvstcierges.ch\/wp-content\/uploads\/2019\/07\/D\u00e9lices-marbr\u00e9s-en-rouge-et-blanc.pdf\" target=\"_blank\" rel=\"noopener noreferrer\">D\u00e9lices marbr\u00e9s en rouge et blanc<\/a><br \/>\n<a href=\"http:\/\/apvstcierges.ch\/wp-content\/uploads\/2019\/08\/Tartelettes-aux-nectarines-et-streusel-pistache.pdf\" target=\"_blank\" rel=\"noopener noreferrer\">Tartelettes aux nectarines et streusel pistache<\/a><br \/>\n<a href=\"http:\/\/apvstcierges.ch\/wp-content\/uploads\/2019\/08\/Pommes-r\u00f4ties-\u00e0-la-cannelle.pdf\" target=\"_blank\" rel=\"noopener noreferrer\">Pommes r\u00f4ties \u00e0 la cannelle<\/a><br \/>\n<a href=\"http:\/\/apvstcierges.ch\/wp-content\/uploads\/2019\/08\/Biscuit-roul\u00e9-au-chocolat.pdf\" target=\"_blank\" rel=\"noopener noreferrer\">Biscuit roul\u00e9 au chocolat<\/a><br \/>\n<a href=\"http:\/\/apvstcierges.ch\/wp-content\/uploads\/2019\/08\/Mini-roulades-au-citron.pdf\" target=\"_blank\" rel=\"noopener noreferrer\">Mini roulades au citron<\/a><br \/>\n<a href=\"http:\/\/apvstcierges.ch\/wp-content\/uploads\/2019\/08\/Roulade-au-safran-et-aux-m\u00fbres.pdf\" target=\"_blank\" rel=\"noopener noreferrer\">Roulade au safran et aux m\u00fbres<\/a><br \/>\n<a href=\"http:\/\/apvstcierges.ch\/wp-content\/uploads\/2020\/08\/Glace-caramel-au-beurre-sal\u00e9.pdf\" target=\"_blank\" rel=\"noopener noreferrer\">Glace caramel au beurre sal\u00e9<\/a><br \/>\n<a href=\"http:\/\/apvstcierges.ch\/wp-content\/uploads\/2020\/08\/Cheesecake-au-caramel-.pdf\" target=\"_blank\" rel=\"noopener noreferrer\">Cheesecake au caramel<\/a><br \/>\n<a href=\"http:\/\/apvstcierges.ch\/wp-content\/uploads\/2022\/08\/Boulettes-chocolat-coco.pdf\" target=\"_blank\" rel=\"noopener\">Boulettes chocolat coco<\/a><br \/>\n<a href=\"http:\/\/apvstcierges.ch\/wp-content\/uploads\/2022\/08\/Boulettes-de-semoule-au-sere-sauce-pomme-menthe.pdf\" target=\"_blank\" rel=\"noopener\">Boulettes de semoule au s\u00e9r\u00e9 &#8211; sauce pomme-menthe<\/a><\/p>\n","protected":false},"excerpt":{"rendered":"<p>Entr\u00e9es &#8211; salades &#8211; accompagnements Cr\u00e8me de courgettes \u00e0 la menthe, tapenade d&rsquo;olives noires Cro\u00fbtes aux courgettes Courgette en fleur, ricotta et tomate compot\u00e9e Fruit\u00e9 sal\u00e9 en verrine Chou-fleur-farci Couscous au chou-fleur Rosettes de chou-fleur au four Dip aux artichauts et piment jalapeno Frites de carottes \u00e0 la coco et dip miel-citron vert Caviar d\u2019aubergine <a class=\"more-link\" href=\"http:\/\/apvstcierges.ch\/index.php\/ete\/\">Lire plus &#8230;<\/a><\/p>\n","protected":false},"author":1,"featured_media":0,"parent":0,"menu_order":0,"comment_status":"closed","ping_status":"closed","template":"","meta":{"footnotes":""},"class_list":["post-160","page","type-page","status-publish","hentry"],"yoast_head":"<!-- This site is optimized with the Yoast SEO plugin v24.8.1 - https:\/\/yoast.com\/wordpress\/plugins\/seo\/ -->\n<title>Et\u00e9 - Association des paysannes vaudoises, groupe St-Cierges et environs<\/title>\n<meta name=\"robots\" content=\"index, follow, max-snippet:-1, max-image-preview:large, max-video-preview:-1\" \/>\n<link rel=\"canonical\" href=\"https:\/\/apvstcierges.ch\/index.php\/ete\/\" \/>\n<meta property=\"og:locale\" content=\"fr_FR\" \/>\n<meta property=\"og:type\" content=\"article\" \/>\n<meta property=\"og:title\" content=\"Et\u00e9 - Association des paysannes vaudoises, groupe St-Cierges et environs\" \/>\n<meta property=\"og:description\" content=\"Entr\u00e9es &#8211; salades &#8211; accompagnements Cr\u00e8me de courgettes \u00e0 la menthe, tapenade d&rsquo;olives noires Cro\u00fbtes aux courgettes Courgette en fleur, ricotta et tomate compot\u00e9e Fruit\u00e9 sal\u00e9 en verrine Chou-fleur-farci Couscous au chou-fleur Rosettes de chou-fleur au four Dip aux artichauts et piment jalapeno Frites de carottes \u00e0 la coco et dip miel-citron vert Caviar d\u2019aubergine Lire plus ...\" \/>\n<meta property=\"og:url\" content=\"https:\/\/apvstcierges.ch\/index.php\/ete\/\" \/>\n<meta property=\"og:site_name\" content=\"Association des paysannes vaudoises, groupe St-Cierges et environs\" \/>\n<meta property=\"article:modified_time\" content=\"2024-09-20T11:56:54+00:00\" \/>\n<meta name=\"twitter:card\" content=\"summary_large_image\" \/>\n<meta name=\"twitter:label1\" content=\"Dur\u00e9e de lecture estim\u00e9e\" \/>\n\t<meta name=\"twitter:data1\" content=\"3 minutes\" \/>\n<script type=\"application\/ld+json\" class=\"yoast-schema-graph\">{\"@context\":\"https:\/\/schema.org\",\"@graph\":[{\"@type\":\"WebPage\",\"@id\":\"https:\/\/apvstcierges.ch\/index.php\/ete\/\",\"url\":\"https:\/\/apvstcierges.ch\/index.php\/ete\/\",\"name\":\"Et\u00e9 - Association des paysannes vaudoises, groupe St-Cierges et environs\",\"isPartOf\":{\"@id\":\"http:\/\/apvstcierges.ch\/#website\"},\"datePublished\":\"2018-05-08T16:03:50+00:00\",\"dateModified\":\"2024-09-20T11:56:54+00:00\",\"breadcrumb\":{\"@id\":\"https:\/\/apvstcierges.ch\/index.php\/ete\/#breadcrumb\"},\"inLanguage\":\"fr-FR\",\"potentialAction\":[{\"@type\":\"ReadAction\",\"target\":[\"https:\/\/apvstcierges.ch\/index.php\/ete\/\"]}]},{\"@type\":\"BreadcrumbList\",\"@id\":\"https:\/\/apvstcierges.ch\/index.php\/ete\/#breadcrumb\",\"itemListElement\":[{\"@type\":\"ListItem\",\"position\":1,\"name\":\"Home\",\"item\":\"http:\/\/apvstcierges.ch\/\"},{\"@type\":\"ListItem\",\"position\":2,\"name\":\"Et\u00e9\"}]},{\"@type\":\"WebSite\",\"@id\":\"http:\/\/apvstcierges.ch\/#website\",\"url\":\"http:\/\/apvstcierges.ch\/\",\"name\":\"Association des paysannes vaudoises, groupe St-Cierges et environs\",\"description\":\"\",\"potentialAction\":[{\"@type\":\"SearchAction\",\"target\":{\"@type\":\"EntryPoint\",\"urlTemplate\":\"http:\/\/apvstcierges.ch\/?s={search_term_string}\"},\"query-input\":{\"@type\":\"PropertyValueSpecification\",\"valueRequired\":true,\"valueName\":\"search_term_string\"}}],\"inLanguage\":\"fr-FR\"}]}<\/script>\n<!-- \/ Yoast SEO plugin. -->","yoast_head_json":{"title":"Et\u00e9 - Association des paysannes vaudoises, groupe St-Cierges et environs","robots":{"index":"index","follow":"follow","max-snippet":"max-snippet:-1","max-image-preview":"max-image-preview:large","max-video-preview":"max-video-preview:-1"},"canonical":"https:\/\/apvstcierges.ch\/index.php\/ete\/","og_locale":"fr_FR","og_type":"article","og_title":"Et\u00e9 - Association des paysannes vaudoises, groupe St-Cierges et environs","og_description":"Entr\u00e9es &#8211; salades &#8211; accompagnements Cr\u00e8me de courgettes \u00e0 la menthe, tapenade d&rsquo;olives noires Cro\u00fbtes aux courgettes Courgette en fleur, ricotta et tomate compot\u00e9e Fruit\u00e9 sal\u00e9 en verrine Chou-fleur-farci Couscous au chou-fleur Rosettes de chou-fleur au four Dip aux artichauts et piment jalapeno Frites de carottes \u00e0 la coco et dip miel-citron vert Caviar d\u2019aubergine Lire plus ...","og_url":"https:\/\/apvstcierges.ch\/index.php\/ete\/","og_site_name":"Association des paysannes vaudoises, groupe St-Cierges et environs","article_modified_time":"2024-09-20T11:56:54+00:00","twitter_card":"summary_large_image","twitter_misc":{"Dur\u00e9e de lecture estim\u00e9e":"3 minutes"},"schema":{"@context":"https:\/\/schema.org","@graph":[{"@type":"WebPage","@id":"https:\/\/apvstcierges.ch\/index.php\/ete\/","url":"https:\/\/apvstcierges.ch\/index.php\/ete\/","name":"Et\u00e9 - Association des paysannes vaudoises, groupe St-Cierges et environs","isPartOf":{"@id":"http:\/\/apvstcierges.ch\/#website"},"datePublished":"2018-05-08T16:03:50+00:00","dateModified":"2024-09-20T11:56:54+00:00","breadcrumb":{"@id":"https:\/\/apvstcierges.ch\/index.php\/ete\/#breadcrumb"},"inLanguage":"fr-FR","potentialAction":[{"@type":"ReadAction","target":["https:\/\/apvstcierges.ch\/index.php\/ete\/"]}]},{"@type":"BreadcrumbList","@id":"https:\/\/apvstcierges.ch\/index.php\/ete\/#breadcrumb","itemListElement":[{"@type":"ListItem","position":1,"name":"Home","item":"http:\/\/apvstcierges.ch\/"},{"@type":"ListItem","position":2,"name":"Et\u00e9"}]},{"@type":"WebSite","@id":"http:\/\/apvstcierges.ch\/#website","url":"http:\/\/apvstcierges.ch\/","name":"Association des paysannes vaudoises, groupe St-Cierges et environs","description":"","potentialAction":[{"@type":"SearchAction","target":{"@type":"EntryPoint","urlTemplate":"http:\/\/apvstcierges.ch\/?s={search_term_string}"},"query-input":{"@type":"PropertyValueSpecification","valueRequired":true,"valueName":"search_term_string"}}],"inLanguage":"fr-FR"}]}},"_links":{"self":[{"href":"http:\/\/apvstcierges.ch\/index.php\/wp-json\/wp\/v2\/pages\/160","targetHints":{"allow":["GET"]}}],"collection":[{"href":"http:\/\/apvstcierges.ch\/index.php\/wp-json\/wp\/v2\/pages"}],"about":[{"href":"http:\/\/apvstcierges.ch\/index.php\/wp-json\/wp\/v2\/types\/page"}],"author":[{"embeddable":true,"href":"http:\/\/apvstcierges.ch\/index.php\/wp-json\/wp\/v2\/users\/1"}],"replies":[{"embeddable":true,"href":"http:\/\/apvstcierges.ch\/index.php\/wp-json\/wp\/v2\/comments?post=160"}],"version-history":[{"count":22,"href":"http:\/\/apvstcierges.ch\/index.php\/wp-json\/wp\/v2\/pages\/160\/revisions"}],"predecessor-version":[{"id":3556,"href":"http:\/\/apvstcierges.ch\/index.php\/wp-json\/wp\/v2\/pages\/160\/revisions\/3556"}],"wp:attachment":[{"href":"http:\/\/apvstcierges.ch\/index.php\/wp-json\/wp\/v2\/media?parent=160"}],"curies":[{"name":"wp","href":"https:\/\/api.w.org\/{rel}","templated":true}]}}