{"id":83,"date":"2018-04-19T11:17:43","date_gmt":"2018-04-19T11:17:43","guid":{"rendered":"http:\/\/apvstcierges.ch\/?page_id=83"},"modified":"2025-01-28T08:19:25","modified_gmt":"2025-01-28T08:19:25","slug":"jardinage","status":"publish","type":"page","link":"https:\/\/apvstcierges.ch\/index.php\/jardinage\/","title":{"rendered":"Jardinage"},"content":{"rendered":"<p>Epifleurs \u00e0 Bioley-Magnoux &#8211; <a href=\"https:\/\/www.epifleurs.ch\/\" target=\"_blank\" rel=\"noopener\">vente de fleurs et de plantons<\/a><br \/>\nMoments cr\u00e9atifs &#8211; Ogens &#8211; <a href=\"https:\/\/www.facebook.com\/pages\/category\/Local-business\/Moments-Cr%C3%A9atifs-2066295080317796\/\" target=\"_blank\" rel=\"noopener\">fleurs et d\u00e9corations en self-service<\/a><\/p>\n<p><strong>Dicton du mois<\/strong>\u00a0 : <strong>\u00abF\u00e9vrier le plus court des mois est de tous le plus sournois.\u00bb<\/strong><\/p>\n<p><span style=\"color: #99cc00; font-size: 1.56em; font-weight: 600;\">Fleurs de naissance<\/span><\/p>\n<p>Connaissez-vous votre fleur de naissance ? \u00c0 chaque mois, la sienne. D\u00e9couvrez quelle fleur correspond \u00e0 votre mois de naissance ainsi que sa signification dans le langage des fleurs.<\/p>\n<p>Nul besoin de calculs savants pour conna\u00eetre votre \u00abfleur de naissance\u00bb. Cette tradition associe un mois de l&rsquo;ann\u00e9e, celui de votre naissance, \u00e0 une fleur ou plusieurs fleurs. Selon le langage des fleurs, chacune a sa signification propre<\/p>\n<p>Janvier : \u0153illet commun et perce-neige<br \/>\nF\u00e9vrier : violette et iris<br \/>\nMars : narcisse<br \/>\nAvril : pois de senteur et marguerite<br \/>\nMai : lis et le muguet<br \/>\nJuin : rose<br \/>\nJuillet : pied d&rsquo;alouette<br \/>\nAo\u00fbt : gla\u00efeul<br \/>\nSeptembre : aster<br \/>\nOctobre : souci<br \/>\nNovembre : chrysanth\u00e8me<br \/>\nD\u00e9cembre : houx<\/p>\n<p><span style=\"color: #99cc00; font-size: 1.56em; font-weight: 600;\">Visites de jardins<\/span><\/p>\n<section id=\"ficheJardin\">\n<div id=\"containerFiche\">\n<div class=\"list-description\">\n<div class=\"detail\">\n<div class=\"detail\">\n<div class=\"detail\">\n<p><a href=\"https:\/\/www.cartonsducoeur-yverdon.ch\/\" target=\"_blank\" rel=\"noopener\"><span style=\"color: #3366ff;\">Association des Jardins et cartons du coeur<br \/>\n<\/span><\/a>Perle de nature d\u00e9pos\u00e9e au sein de l&rsquo;urbanit\u00e9, ainsi pourrions nous d\u00e9finir ce lieu d&rsquo;accueil et partage.C&rsquo;est d&rsquo;un terrain mis \u00e0 disposition par la commune d&rsquo;Yverdon-les-Bains en 2003, que les b\u00e9n\u00e9voles d&rsquo;alors d\u00e9cid\u00e8rent d&rsquo;en faire un potager destin\u00e9 \u00e0 fournir, en l\u00e9gumes frais, les b\u00e9n\u00e9ficiaires des Cartons du C\u0153ur.<\/p>\n<p><a href=\"https:\/\/www.chateaudeprangins.ch\/fr\/votre-visite\/jardin\" target=\"_blank\" rel=\"noopener\"><span style=\"color: #3366ff;\">Le Ch\u00e2teau de Prangins\u00a0<\/span><\/a><br \/>\nD\u00e9couvrez le Potager du Ch\u00e2teau de Prangins, le plus grand jardin potager historique de Suisse et exposition permanente \u00e0 ciel ouvert. A l\u2019image du mus\u00e9e, le Potager plonge ses racines dans le 18e si\u00e8cle, temps des Lumi\u00e8res, o\u00f9 exp\u00e9ditions et voyageurs rapportent du monde entier d\u2019innombrables nouveaut\u00e9s et curiosit\u00e9s v\u00e9g\u00e9tales.<\/p>\n<\/div>\n<div class=\"detail\"><a href=\"http:\/\/orchidarium.ch\/\" target=\"_blank\" rel=\"noopener\">Orchidarium<\/a><br \/>\nLe carrefour des orchid\u00e9es d&rsquo;exception \u00e0 Prangins<\/p>\n<p><a href=\"https:\/\/chateauvullierens.ch\/\" target=\"_blank\" rel=\"noopener\"><span style=\"color: #3366ff;\">Le Ch\u00e2teau de Vuillerens<\/span><\/a><br \/>\nLes jardins les plus spectaculaires de Suisse au coeur d&rsquo;un site historique et familial surplombant le lac et les Alpes.<br \/>\nUne experience unique entre floralies, sculptures et domaine viticole.<a href=\"https:\/\/www.montreuxriviera.com\/fr\/P548\/la-rambertia-jardin-botanique-alpin\" target=\"_blank\" rel=\"noopener noreferrer\"><span style=\"color: #3366ff;\">Le jardin alpin de la Rambertia<\/span><\/a><br \/>\nLe jardin botanique alpin la Rambertia se situe entre deux \u00e9perons rocheux au sommet des Rochers-de-Naye (2045 m) sur un versant de 400 m2 tr\u00e8s inclin\u00e9 vers la vall\u00e9e en contrebas..<\/p>\n<p><a href=\"http:\/\/www.lacuisine-dubonheur.ch\/jardin-instinctif.html\" target=\"_blank\" rel=\"noopener noreferrer\"><span style=\"color: #339966;\"><span style=\"color: #3366ff;\">Le jardin instinctif<\/span><\/span><\/a><br \/>\nComme il n\u2019est pas possible de d\u00e9crire avec les mots justes la splendeur de ce jardin, une visite s\u2019y impose\u2026<\/p>\n<p><span style=\"color: #3366ff;\"><a style=\"color: #3366ff;\" href=\"https:\/\/botanica-suisse.org\/fr\/garden\/pont-de-nant-jardin-botanique-alpin-la-thomasia\/\" target=\"_blank\" rel=\"noopener noreferrer\">Le jardin alpin la Thomasia<\/a><\/span><br \/>\nLe Jardin botanique alpin La Thomasia est situ\u00e9 au c\u0153ur des Alpes vaudoises \u00e0 1260 m d\u2019altitude, o\u00f9 il occupe une partie du vaste p\u00e2turage du Pont-de-Nant<\/p>\n<p class=\"pageTitle level-1\">et pleins d&rsquo;autres id\u00e9es et informations int\u00e9ressantes sur le site internet de <a href=\"https:\/\/botanica-suisse.org\/fr\/home\/\" target=\"_blank\" rel=\"noopener noreferrer\">Botanica\u00a0<\/a><\/p>\n<\/div>\n<\/div>\n<\/div>\n<\/div>\n<\/div>\n<\/section>\n","protected":false},"excerpt":{"rendered":"<p>Epifleurs \u00e0 Bioley-Magnoux &#8211; vente de fleurs et de plantons Moments cr\u00e9atifs &#8211; Ogens &#8211; fleurs et d\u00e9corations en self-service Dicton du mois\u00a0 : \u00abF\u00e9vrier le plus court des mois est de tous le plus sournois.\u00bb Fleurs de naissance Connaissez-vous votre fleur de naissance ? \u00c0 chaque mois, la sienne. D\u00e9couvrez quelle fleur correspond \u00e0 <a class=\"more-link\" href=\"https:\/\/apvstcierges.ch\/index.php\/jardinage\/\">Lire plus &#8230;<\/a><\/p>\n","protected":false},"author":1,"featured_media":0,"parent":0,"menu_order":0,"comment_status":"closed","ping_status":"closed","template":"","meta":{"footnotes":""},"class_list":["post-83","page","type-page","status-publish","hentry"],"yoast_head":"<!-- This site is optimized with the Yoast SEO plugin v24.8.1 - https:\/\/yoast.com\/wordpress\/plugins\/seo\/ -->\n<title>Jardinage - Association des paysannes vaudoises, groupe St-Cierges et environs<\/title>\n<meta name=\"robots\" content=\"index, follow, max-snippet:-1, max-image-preview:large, max-video-preview:-1\" \/>\n<link rel=\"canonical\" href=\"https:\/\/apvstcierges.ch\/index.php\/jardinage\/\" \/>\n<meta property=\"og:locale\" content=\"fr_FR\" \/>\n<meta property=\"og:type\" content=\"article\" \/>\n<meta property=\"og:title\" content=\"Jardinage - Association des paysannes vaudoises, groupe St-Cierges et environs\" \/>\n<meta property=\"og:description\" content=\"Epifleurs \u00e0 Bioley-Magnoux &#8211; vente de fleurs et de plantons Moments cr\u00e9atifs &#8211; Ogens &#8211; fleurs et d\u00e9corations en self-service Dicton du mois\u00a0 : \u00abF\u00e9vrier le plus court des mois est de tous le plus sournois.\u00bb Fleurs de naissance Connaissez-vous votre fleur de naissance ? \u00c0 chaque mois, la sienne. D\u00e9couvrez quelle fleur correspond \u00e0 Lire plus ...\" \/>\n<meta property=\"og:url\" content=\"https:\/\/apvstcierges.ch\/index.php\/jardinage\/\" \/>\n<meta property=\"og:site_name\" content=\"Association des paysannes vaudoises, groupe St-Cierges et environs\" \/>\n<meta property=\"article:modified_time\" content=\"2025-01-28T08:19:25+00:00\" \/>\n<meta name=\"twitter:card\" content=\"summary_large_image\" \/>\n<meta name=\"twitter:label1\" content=\"Dur\u00e9e de lecture estim\u00e9e\" \/>\n\t<meta name=\"twitter:data1\" content=\"2 minutes\" \/>\n<script type=\"application\/ld+json\" class=\"yoast-schema-graph\">{\"@context\":\"https:\/\/schema.org\",\"@graph\":[{\"@type\":\"WebPage\",\"@id\":\"https:\/\/apvstcierges.ch\/index.php\/jardinage\/\",\"url\":\"https:\/\/apvstcierges.ch\/index.php\/jardinage\/\",\"name\":\"Jardinage - Association des paysannes vaudoises, groupe St-Cierges et environs\",\"isPartOf\":{\"@id\":\"http:\/\/apvstcierges.ch\/#website\"},\"datePublished\":\"2018-04-19T11:17:43+00:00\",\"dateModified\":\"2025-01-28T08:19:25+00:00\",\"breadcrumb\":{\"@id\":\"https:\/\/apvstcierges.ch\/index.php\/jardinage\/#breadcrumb\"},\"inLanguage\":\"fr-FR\",\"potentialAction\":[{\"@type\":\"ReadAction\",\"target\":[\"https:\/\/apvstcierges.ch\/index.php\/jardinage\/\"]}]},{\"@type\":\"BreadcrumbList\",\"@id\":\"https:\/\/apvstcierges.ch\/index.php\/jardinage\/#breadcrumb\",\"itemListElement\":[{\"@type\":\"ListItem\",\"position\":1,\"name\":\"Home\",\"item\":\"http:\/\/apvstcierges.ch\/\"},{\"@type\":\"ListItem\",\"position\":2,\"name\":\"Jardinage\"}]},{\"@type\":\"WebSite\",\"@id\":\"http:\/\/apvstcierges.ch\/#website\",\"url\":\"http:\/\/apvstcierges.ch\/\",\"name\":\"Association des paysannes vaudoises, groupe St-Cierges et environs\",\"description\":\"\",\"potentialAction\":[{\"@type\":\"SearchAction\",\"target\":{\"@type\":\"EntryPoint\",\"urlTemplate\":\"http:\/\/apvstcierges.ch\/?s={search_term_string}\"},\"query-input\":{\"@type\":\"PropertyValueSpecification\",\"valueRequired\":true,\"valueName\":\"search_term_string\"}}],\"inLanguage\":\"fr-FR\"}]}<\/script>\n<!-- \/ Yoast SEO plugin. -->","yoast_head_json":{"title":"Jardinage - Association des paysannes vaudoises, groupe St-Cierges et environs","robots":{"index":"index","follow":"follow","max-snippet":"max-snippet:-1","max-image-preview":"max-image-preview:large","max-video-preview":"max-video-preview:-1"},"canonical":"https:\/\/apvstcierges.ch\/index.php\/jardinage\/","og_locale":"fr_FR","og_type":"article","og_title":"Jardinage - Association des paysannes vaudoises, groupe St-Cierges et environs","og_description":"Epifleurs \u00e0 Bioley-Magnoux &#8211; vente de fleurs et de plantons Moments cr\u00e9atifs &#8211; Ogens &#8211; fleurs et d\u00e9corations en self-service Dicton du mois\u00a0 : \u00abF\u00e9vrier le plus court des mois est de tous le plus sournois.\u00bb Fleurs de naissance Connaissez-vous votre fleur de naissance ? \u00c0 chaque mois, la sienne. D\u00e9couvrez quelle fleur correspond \u00e0 Lire plus ...","og_url":"https:\/\/apvstcierges.ch\/index.php\/jardinage\/","og_site_name":"Association des paysannes vaudoises, groupe St-Cierges et environs","article_modified_time":"2025-01-28T08:19:25+00:00","twitter_card":"summary_large_image","twitter_misc":{"Dur\u00e9e de lecture estim\u00e9e":"2 minutes"},"schema":{"@context":"https:\/\/schema.org","@graph":[{"@type":"WebPage","@id":"https:\/\/apvstcierges.ch\/index.php\/jardinage\/","url":"https:\/\/apvstcierges.ch\/index.php\/jardinage\/","name":"Jardinage - Association des paysannes vaudoises, groupe St-Cierges et environs","isPartOf":{"@id":"http:\/\/apvstcierges.ch\/#website"},"datePublished":"2018-04-19T11:17:43+00:00","dateModified":"2025-01-28T08:19:25+00:00","breadcrumb":{"@id":"https:\/\/apvstcierges.ch\/index.php\/jardinage\/#breadcrumb"},"inLanguage":"fr-FR","potentialAction":[{"@type":"ReadAction","target":["https:\/\/apvstcierges.ch\/index.php\/jardinage\/"]}]},{"@type":"BreadcrumbList","@id":"https:\/\/apvstcierges.ch\/index.php\/jardinage\/#breadcrumb","itemListElement":[{"@type":"ListItem","position":1,"name":"Home","item":"http:\/\/apvstcierges.ch\/"},{"@type":"ListItem","position":2,"name":"Jardinage"}]},{"@type":"WebSite","@id":"http:\/\/apvstcierges.ch\/#website","url":"http:\/\/apvstcierges.ch\/","name":"Association des paysannes vaudoises, groupe St-Cierges et environs","description":"","potentialAction":[{"@type":"SearchAction","target":{"@type":"EntryPoint","urlTemplate":"http:\/\/apvstcierges.ch\/?s={search_term_string}"},"query-input":{"@type":"PropertyValueSpecification","valueRequired":true,"valueName":"search_term_string"}}],"inLanguage":"fr-FR"}]}},"_links":{"self":[{"href":"https:\/\/apvstcierges.ch\/index.php\/wp-json\/wp\/v2\/pages\/83","targetHints":{"allow":["GET"]}}],"collection":[{"href":"https:\/\/apvstcierges.ch\/index.php\/wp-json\/wp\/v2\/pages"}],"about":[{"href":"https:\/\/apvstcierges.ch\/index.php\/wp-json\/wp\/v2\/types\/page"}],"author":[{"embeddable":true,"href":"https:\/\/apvstcierges.ch\/index.php\/wp-json\/wp\/v2\/users\/1"}],"replies":[{"embeddable":true,"href":"https:\/\/apvstcierges.ch\/index.php\/wp-json\/wp\/v2\/comments?post=83"}],"version-history":[{"count":87,"href":"https:\/\/apvstcierges.ch\/index.php\/wp-json\/wp\/v2\/pages\/83\/revisions"}],"predecessor-version":[{"id":3658,"href":"https:\/\/apvstcierges.ch\/index.php\/wp-json\/wp\/v2\/pages\/83\/revisions\/3658"}],"wp:attachment":[{"href":"https:\/\/apvstcierges.ch\/index.php\/wp-json\/wp\/v2\/media?parent=83"}],"curies":[{"name":"wp","href":"https:\/\/api.w.org\/{rel}","templated":true}]}}